{"id":4334,"date":"2022-04-01T11:43:11","date_gmt":"2022-04-01T09:43:11","guid":{"rendered":"https:\/\/montorge.ch\/startseite\/"},"modified":"2025-01-16T09:45:21","modified_gmt":"2025-01-16T08:45:21","slug":"startseite","status":"publish","type":"page","link":"https:\/\/favre-vins.ch\/de\/","title":{"rendered":"Les Fils de Charles Favre &#8211; Au\u00dfergew\u00f6hnliche Walliser Weine"},"content":{"rendered":"<p>[et_pb_section fb_built=&#8220;1&#8243; _builder_version=&#8220;4.25.2&#8243; _module_preset=&#8220;default&#8220; background_image=&#8220;https:\/\/favre-vins.ch\/wp-content\/uploads\/2023\/08\/Castel-dOr-Favre-scaled.jpg&#8220; background_blend=&#8220;darken&#8220; custom_padding=&#8220;6vw||6vw||true|false&#8220; global_colors_info=&#8220;{}&#8220;][et_pb_row _builder_version=&#8220;4.25.2&#8243; _module_preset=&#8220;default&#8220; custom_margin=&#8220;|auto|64px|auto||&#8220; custom_padding=&#8220;112px||60px|||&#8220; global_colors_info=&#8220;{}&#8220;][et_pb_column type=&#8220;4_4&#8243; _builder_version=&#8220;4.25.2&#8243; _module_preset=&#8220;default&#8220; global_colors_info=&#8220;{}&#8220;][\/et_pb_column][\/et_pb_row][et_pb_row _builder_version=&#8220;4.25.2&#8243; _module_preset=&#8220;default&#8220; global_colors_info=&#8220;{}&#8220;][et_pb_column type=&#8220;4_4&#8243; _builder_version=&#8220;4.25.2&#8243; _module_preset=&#8220;default&#8220; global_colors_info=&#8220;{}&#8220;][et_pb_heading title=&#8220;Les Fils de Charles Favre:  80 Jahre Weinbautradition &#8220; _builder_version=&#8220;4.27.4&#8243; _module_preset=&#8220;default&#8220; title_font=&#8220;Brockmann Semi Bold|||on|||||&#8220; title_text_align=&#8220;center&#8220; title_text_color=&#8220;#ffffff&#8220; title_font_size=&#8220;60px&#8220; title_letter_spacing=&#8220;5px&#8220; custom_margin=&#8220;||||false|false&#8220; custom_padding=&#8220;||||false|false&#8220; title_font_size_tablet=&#8220;48px&#8220; title_font_size_phone=&#8220;29px&#8220; title_font_size_last_edited=&#8220;on|phone&#8220; global_colors_info=&#8220;{}&#8220;][\/et_pb_heading][\/et_pb_column][\/et_pb_row][\/et_pb_section][et_pb_section fb_built=&#8220;1&#8243; custom_padding_last_edited=&#8220;on|phone&#8220; disabled_on=&#8220;off|off|off&#8220; _builder_version=&#8220;4.21.0&#8243; _module_preset=&#8220;default&#8220; vertical_offset_tablet=&#8220;&#8220; vertical_offset_phone=&#8220;&#8220; vertical_offset_last_edited=&#8220;on|tablet&#8220; custom_margin_tablet=&#8220;&#8220; custom_margin_phone=&#8220;0px||||false|false&#8220; custom_margin_last_edited=&#8220;on|phone&#8220; custom_padding=&#8220;74px|||||&#8220; custom_padding_tablet=&#8220;&#8220; custom_padding_phone=&#8220;19px||||false|false&#8220; global_colors_info=&#8220;{}&#8220;][et_pb_row _builder_version=&#8220;4.25.2&#8243; _module_preset=&#8220;default&#8220; custom_padding=&#8220;4px|||||&#8220; global_colors_info=&#8220;{}&#8220;][et_pb_column type=&#8220;4_4&#8243; _builder_version=&#8220;4.25.2&#8243; _module_preset=&#8220;default&#8220; global_colors_info=&#8220;{}&#8220;][et_pb_text module_id=&#8220;DameDeSion&#8220; _builder_version=&#8220;4.27.4&#8243; _module_preset=&#8220;609ac87a-b80c-448c-bde4-cffc13bb6b20&#8243; text_font=&#8220;Baskervville||on||||||&#8220; text_text_color=&#8220;#003753&#8243; text_font_size=&#8220;24px&#8220; header_4_font=&#8220;Open Sans|600|||||||&#8220; header_4_font_size=&#8220;32px&#8220; custom_margin=&#8220;||||false|false&#8220; locked=&#8220;off&#8220; global_colors_info=&#8220;{}&#8220;]<\/p>\n<blockquote>\n<p>Erbe. Tradition. Teilen.<\/p>\n<\/blockquote>\n<p>[\/et_pb_text][\/et_pb_column][\/et_pb_row][et_pb_row column_structure=&#8220;3_5,2_5&#8243; make_equal=&#8220;on&#8220; _builder_version=&#8220;4.21.0&#8243; _module_preset=&#8220;default&#8220; custom_margin=&#8220;20px||||false|false&#8220; custom_padding=&#8220;0px||||false|false&#8220; locked=&#8220;off&#8220; global_colors_info=&#8220;{}&#8220;][et_pb_column type=&#8220;3_5&#8243; _builder_version=&#8220;4.17.4&#8243; _module_preset=&#8220;default&#8220; global_colors_info=&#8220;{}&#8220;][et_pb_text _builder_version=&#8220;4.27.4&#8243; _module_preset=&#8220;default&#8220; header_2_font=&#8220;Brockmann Regular||||||||&#8220; header_2_font_size=&#8220;38px&#8220; header_2_letter_spacing=&#8220;0px&#8220; header_2_font_size_tablet=&#8220;35px&#8220; header_2_font_size_phone=&#8220;24px&#8220; header_2_font_size_last_edited=&#8220;on|phone&#8220; global_colors_info=&#8220;{}&#8220;]<\/p>\n<h2>Das Erbe der S\u00f6hne von Charles Favre<\/h2>\n<p>Unsere Kellerei Les Fils de Charles Favre wurde 1944 in Sitten von Charles Favre gegr\u00fcndet, der von seinen drei S\u00f6hnen unterst\u00fctzt wurde. Zwischen Exzellenz und Teilen f\u00fchren wir seit 80 Jahren die Weinbautradition des Hauses und der Region Sitten fort. Unsere Jahrg\u00e4nge werden aus sorgf\u00e4ltig ausgew\u00e4hlten Trauben hergestellt, die in den renommiertesten Walliser Weinbergen (Clavoz, Tourbillon, Molignon) angebaut werden.<\/p>\n<h2>Au\u00dfergew\u00f6hnliche Walliser Weine<\/h2>\n<p>Unsere Wei\u00df-, Rot- und Ros\u00e9weine sind eine wahre Hommage an den Reichtum des Terroirs und werden selbst die anspruchsvollsten Gaumen begeistern. Die eingetragenen Marken Dame de Sion, Hurlevent, Favi und Collection F, die Juwelen der Produktion, sind die einstimmig gesch\u00e4tzten Botschafter von \u201eLa Petite Maison des Grands Vins\u201c.<\/p>\n<p>Unser Chardonnay 2022, der j\u00fcngste Neuzugang der Hurlevent-Reihe, wird Sie mit seiner gro\u00dfen Frische und seiner unglaublichen Finesse \u00fcberraschen.<\/p>\n<h2>Ein Keller der Traditionen und des Teilens<\/h2>\n<p>Mit Familie, Freunden, Kollegen. Im Freien, in einem Carnotzet, hier oder anderswo.<br \/>\nAm Tresen einer Bar oder an einem Esstisch.<br \/>\nDie Freude, gemeinsam zu geniessen. Immer neue Aromen zu entdecken. Oft \u00fcber das Leben zu sprechen. Mitunter die Welt neu zu erfinden. Aber auch, sich und anderen eine Freude zu machen.<br \/>\nDenn letztlich spielen die Gr\u00fcnde keine Rolle \u2026<\/p>\n<p>[\/et_pb_text][et_pb_button button_url=&#8220;https:\/\/favre-vins.ch\/de\/unsere-sortimente\/&#8220; button_text=&#8220;Entdecken Sie unsere Weine&#8220; _builder_version=&#8220;4.27.4&#8243; _module_preset=&#8220;default&#8220; custom_button=&#8220;off&#8220; custom_margin=&#8220;59px|||||&#8220; global_colors_info=&#8220;{}&#8220;][\/et_pb_button][\/et_pb_column][et_pb_column type=&#8220;2_5&#8243; _builder_version=&#8220;4.17.4&#8243; _module_preset=&#8220;default&#8220; custom_css_main_element=&#8220;margin:auto;&#8220; global_colors_info=&#8220;{}&#8220;][et_pb_image src=&#8220;https:\/\/favre-vins.ch\/wp-content\/uploads\/2023\/06\/Dame-de-Sion-coquelicot.jpg&#8220; alt=&#8220;Flasche Dame De Sion Les Fils de Charles Favre in Mohnblumen&#8220; title_text=&#8220;Dame de Sion Mohnblumen&#8220; align=&#8220;center&#8220; _builder_version=&#8220;4.21.0&#8243; _module_preset=&#8220;default&#8220; max_width=&#8220;80%&#8220; module_alignment=&#8220;center&#8220; custom_margin=&#8220;||||false|false&#8220; locked=&#8220;off&#8220; global_colors_info=&#8220;{}&#8220;][\/et_pb_image][\/et_pb_column][\/et_pb_row][\/et_pb_section][et_pb_section fb_built=&#8220;1&#8243; _builder_version=&#8220;4.24.2&#8243; _module_preset=&#8220;default&#8220; global_colors_info=&#8220;{}&#8220;][et_pb_row _builder_version=&#8220;4.24.2&#8243; _module_preset=&#8220;default&#8220; background_color=&#8220;#f5f5f5&#8243; border_radii=&#8220;on|20px|20px|20px|20px&#8220; global_colors_info=&#8220;{}&#8220;][et_pb_column type=&#8220;4_4&#8243; _builder_version=&#8220;4.24.2&#8243; _module_preset=&#8220;default&#8220; global_colors_info=&#8220;{}&#8220;][et_pb_text _builder_version=&#8220;4.27.4&#8243; _module_preset=&#8220;default&#8220; header_2_font=&#8220;Brockmann Regular||||||||&#8220; header_2_font_size=&#8220;38px&#8220; header_2_letter_spacing=&#8220;0px&#8220; custom_padding=&#8220;|||35px|false|false&#8220; global_colors_info=&#8220;{}&#8220;]<\/p>\n<h3>Aktuelles \u00fcber des Fils de Charles Favre<\/h3>\n<p>[\/et_pb_text][et_pb_blog fullwidth=&#8220;off&#8220; posts_number=&#8220;3&#8243; include_categories=&#8220;30&#8243; show_author=&#8220;off&#8220; show_date=&#8220;off&#8220; show_categories=&#8220;off&#8220; show_pagination=&#8220;off&#8220; masonry_tile_background_color=&#8220;RGBA(255,255,255,0)&#8220; _builder_version=&#8220;4.24.2&#8243; _module_preset=&#8220;default&#8220; header_text_align=&#8220;center&#8220; header_text_color=&#8220;#000000&#8243; background_color=&#8220;RGBA(255,255,255,0)&#8220; text_orientation=&#8220;center&#8220; width=&#8220;85%&#8220; module_alignment=&#8220;center&#8220; custom_margin_tablet=&#8220;||||false|false&#8220; custom_margin_phone=&#8220;||||false|false&#8220; custom_margin_last_edited=&#8220;on|tablet&#8220; custom_padding=&#8220;||||false|true&#8220; border_width_all=&#8220;0px&#8220; border_color_all=&#8220;RGBA(255,255,255,0)&#8220; global_colors_info=&#8220;{}&#8220;][\/et_pb_blog][et_pb_button button_url=&#8220;https:\/\/favre-vins.ch\/de\/veranstaltungen\/#agenda&#8220; button_text=&#8220;Unsere Agenda ansehen&#8220; button_alignment=&#8220;center&#8220; _builder_version=&#8220;4.27.4&#8243; _module_preset=&#8220;default&#8220; custom_button=&#8220;off&#8220; global_colors_info=&#8220;{}&#8220;][\/et_pb_button][\/et_pb_column][\/et_pb_row][\/et_pb_section][et_pb_section fb_built=&#8220;1&#8243; _builder_version=&#8220;4.24.2&#8243; _module_preset=&#8220;default&#8220; custom_padding=&#8220;5px||37px||false|false&#8220; global_colors_info=&#8220;{}&#8220;][et_pb_row _builder_version=&#8220;4.24.2&#8243; _module_preset=&#8220;default&#8220; width_tablet=&#8220;&#8220; width_phone=&#8220;&#8220; width_last_edited=&#8220;on|desktop&#8220; custom_padding=&#8220;|8px||8px|false|false&#8220; border_radii=&#8220;on|3px|3px|3px|3px&#8220; global_colors_info=&#8220;{}&#8220;][et_pb_column type=&#8220;4_4&#8243; _builder_version=&#8220;4.20.2&#8243; _module_preset=&#8220;default&#8220; global_colors_info=&#8220;{}&#8220;]<\/p>\n<p>[sb_instagram_feed feed_id=&#8220;1&#8243; _builder_version=&#8220;4.24.2&#8243; _module_preset=&#8220;default&#8220; global_colors_info=&#8220;{}&#8220;][\/sb_instagram_feed]<\/p>\n<p>[\/et_pb_column][\/et_pb_row][\/et_pb_section]<\/p>\n","protected":false},"excerpt":{"rendered":"<p>Erbe. Tradition. Teilen. Das Erbe der S\u00f6hne von Charles Favre Unsere Kellerei Les Fils de Charles Favre wurde 1944 in Sitten von Charles Favre gegr\u00fcndet, der von seinen drei S\u00f6hnen unterst\u00fctzt wurde. Zwischen Exzellenz und Teilen f\u00fchren wir seit 80 Jahren die Weinbautradition des Hauses und der Region Sitten fort. Unsere Jahrg\u00e4nge werden aus sorgf\u00e4ltig [&hellip;]<\/p>\n","protected":false},"author":15,"featured_media":6140,"parent":0,"menu_order":0,"comment_status":"closed","ping_status":"closed","template":"","meta":{"_et_pb_use_builder":"on","_et_pb_old_content":"","_et_gb_content_width":"","inline_featured_image":false,"footnotes":""},"class_list":["post-4334","page","type-page","status-publish","has-post-thumbnail","hentry"],"yoast_head":"<!-- This site is optimized with the Yoast SEO plugin v27.3 - https:\/\/yoast.com\/product\/yoast-seo-wordpress\/ -->\n<title>Les Fils de Charles Favre - Au\u00dfergew\u00f6hnliche Walliser Weine<\/title>\n<meta name=\"description\" content=\"Die 1944 in Sitten gegr\u00fcndete Weinkellerei Les Fils de Charles Favre setzt seit 80 Jahren die Walliser Weinbautradition mit ihren au\u00dfergew\u00f6hnlichen Weinen fort.\" \/>\n<meta name=\"robots\" content=\"index, follow, max-snippet:-1, max-image-preview:large, max-video-preview:-1\" \/>\n<link rel=\"canonical\" href=\"https:\/\/favre-vins.ch\/de\/\" \/>\n<meta property=\"og:locale\" content=\"de_DE\" \/>\n<meta property=\"og:type\" content=\"article\" \/>\n<meta property=\"og:title\" content=\"Les Fils de Charles Favre - Au\u00dfergew\u00f6hnliche Walliser Weine\" \/>\n<meta property=\"og:description\" content=\"Die 1944 in Sitten gegr\u00fcndete Weinkellerei Les Fils de Charles Favre setzt seit 80 Jahren die Walliser Weinbautradition mit ihren au\u00dfergew\u00f6hnlichen Weinen fort.\" \/>\n<meta property=\"og:url\" content=\"https:\/\/favre-vins.ch\/de\/\" \/>\n<meta property=\"og:site_name\" content=\"Les Fils de Charles Favre\" \/>\n<meta property=\"article:publisher\" content=\"https:\/\/www.facebook.com\/damedesion\" \/>\n<meta property=\"article:modified_time\" content=\"2025-01-16T08:45:21+00:00\" \/>\n<meta property=\"og:image\" content=\"https:\/\/favre-vins.ch\/wp-content\/uploads\/2022\/07\/DSC02860-1-scaled-1.webp\" \/>\n\t<meta property=\"og:image:width\" content=\"2560\" \/>\n\t<meta property=\"og:image:height\" content=\"1920\" \/>\n\t<meta property=\"og:image:type\" content=\"image\/webp\" \/>\n<meta name=\"twitter:card\" content=\"summary_large_image\" \/>\n<meta name=\"twitter:label1\" content=\"Gesch\u00e4tzte Lesezeit\" \/>\n\t<meta name=\"twitter:data1\" content=\"5\u00a0Minuten\" \/>\n<script type=\"application\/ld+json\" class=\"yoast-schema-graph\">{\"@context\":\"https:\\\/\\\/schema.org\",\"@graph\":[{\"@type\":\"WebPage\",\"@id\":\"https:\\\/\\\/favre-vins.ch\\\/de\\\/\",\"url\":\"https:\\\/\\\/favre-vins.ch\\\/de\\\/\",\"name\":\"Les Fils de Charles Favre - Au\u00dfergew\u00f6hnliche Walliser Weine\",\"isPartOf\":{\"@id\":\"https:\\\/\\\/favre-vins.ch\\\/de\\\/#website\"},\"primaryImageOfPage\":{\"@id\":\"https:\\\/\\\/favre-vins.ch\\\/de\\\/#primaryimage\"},\"image\":{\"@id\":\"https:\\\/\\\/favre-vins.ch\\\/de\\\/#primaryimage\"},\"thumbnailUrl\":\"https:\\\/\\\/favre-vins.ch\\\/wp-content\\\/uploads\\\/2022\\\/07\\\/DSC02860-1-scaled-1.webp\",\"datePublished\":\"2022-04-01T09:43:11+00:00\",\"dateModified\":\"2025-01-16T08:45:21+00:00\",\"description\":\"Die 1944 in Sitten gegr\u00fcndete Weinkellerei Les Fils de Charles Favre setzt seit 80 Jahren die Walliser Weinbautradition mit ihren au\u00dfergew\u00f6hnlichen Weinen fort.\",\"breadcrumb\":{\"@id\":\"https:\\\/\\\/favre-vins.ch\\\/de\\\/#breadcrumb\"},\"inLanguage\":\"de\",\"potentialAction\":[{\"@type\":\"ReadAction\",\"target\":[\"https:\\\/\\\/favre-vins.ch\\\/de\\\/\"]}]},{\"@type\":\"ImageObject\",\"inLanguage\":\"de\",\"@id\":\"https:\\\/\\\/favre-vins.ch\\\/de\\\/#primaryimage\",\"url\":\"https:\\\/\\\/favre-vins.ch\\\/wp-content\\\/uploads\\\/2022\\\/07\\\/DSC02860-1-scaled-1.webp\",\"contentUrl\":\"https:\\\/\\\/favre-vins.ch\\\/wp-content\\\/uploads\\\/2022\\\/07\\\/DSC02860-1-scaled-1.webp\",\"width\":2560,\"height\":1920,\"caption\":\"Domaines du castel d'or Les Fils de Charles Favre\"},{\"@type\":\"BreadcrumbList\",\"@id\":\"https:\\\/\\\/favre-vins.ch\\\/de\\\/#breadcrumb\",\"itemListElement\":[{\"@type\":\"ListItem\",\"position\":1,\"name\":\"Accueil\",\"item\":\"https:\\\/\\\/favre-vins.ch\\\/de\\\/\"},{\"@type\":\"ListItem\",\"position\":2,\"name\":\"Les Fils de Charles Favre &#8211; Au\u00dfergew\u00f6hnliche Walliser Weine\"}]},{\"@type\":\"WebSite\",\"@id\":\"https:\\\/\\\/favre-vins.ch\\\/de\\\/#website\",\"url\":\"https:\\\/\\\/favre-vins.ch\\\/de\\\/\",\"name\":\"Les Fils de Charles Favre\",\"description\":\"La Petite Maison des Grands Vins\",\"publisher\":{\"@id\":\"https:\\\/\\\/favre-vins.ch\\\/de\\\/#organization\"},\"potentialAction\":[{\"@type\":\"SearchAction\",\"target\":{\"@type\":\"EntryPoint\",\"urlTemplate\":\"https:\\\/\\\/favre-vins.ch\\\/de\\\/?s={search_term_string}\"},\"query-input\":{\"@type\":\"PropertyValueSpecification\",\"valueRequired\":true,\"valueName\":\"search_term_string\"}}],\"inLanguage\":\"de\"},{\"@type\":\"Organization\",\"@id\":\"https:\\\/\\\/favre-vins.ch\\\/de\\\/#organization\",\"name\":\"Les Fils de Charles Favres\",\"url\":\"https:\\\/\\\/favre-vins.ch\\\/de\\\/\",\"logo\":{\"@type\":\"ImageObject\",\"inLanguage\":\"de\",\"@id\":\"https:\\\/\\\/favre-vins.ch\\\/de\\\/#\\\/schema\\\/logo\\\/image\\\/\",\"url\":\"\",\"contentUrl\":\"\",\"caption\":\"Les Fils de Charles Favres\"},\"image\":{\"@id\":\"https:\\\/\\\/favre-vins.ch\\\/de\\\/#\\\/schema\\\/logo\\\/image\\\/\"},\"sameAs\":[\"https:\\\/\\\/www.facebook.com\\\/damedesion\",\"https:\\\/\\\/www.instagram.com\\\/favre.vins\\\/\",\"https:\\\/\\\/www.linkedin.com\\\/company\\\/les-fils-de-charles-favre-sa\\\/\"]}]}<\/script>\n<!-- \/ Yoast SEO plugin. -->","yoast_head_json":{"title":"Les Fils de Charles Favre - Au\u00dfergew\u00f6hnliche Walliser Weine","description":"Die 1944 in Sitten gegr\u00fcndete Weinkellerei Les Fils de Charles Favre setzt seit 80 Jahren die Walliser Weinbautradition mit ihren au\u00dfergew\u00f6hnlichen Weinen fort.","robots":{"index":"index","follow":"follow","max-snippet":"max-snippet:-1","max-image-preview":"max-image-preview:large","max-video-preview":"max-video-preview:-1"},"canonical":"https:\/\/favre-vins.ch\/de\/","og_locale":"de_DE","og_type":"article","og_title":"Les Fils de Charles Favre - Au\u00dfergew\u00f6hnliche Walliser Weine","og_description":"Die 1944 in Sitten gegr\u00fcndete Weinkellerei Les Fils de Charles Favre setzt seit 80 Jahren die Walliser Weinbautradition mit ihren au\u00dfergew\u00f6hnlichen Weinen fort.","og_url":"https:\/\/favre-vins.ch\/de\/","og_site_name":"Les Fils de Charles Favre","article_publisher":"https:\/\/www.facebook.com\/damedesion","article_modified_time":"2025-01-16T08:45:21+00:00","og_image":[{"width":2560,"height":1920,"url":"https:\/\/favre-vins.ch\/wp-content\/uploads\/2022\/07\/DSC02860-1-scaled-1.webp","type":"image\/webp"}],"twitter_card":"summary_large_image","twitter_misc":{"Gesch\u00e4tzte Lesezeit":"5\u00a0Minuten"},"schema":{"@context":"https:\/\/schema.org","@graph":[{"@type":"WebPage","@id":"https:\/\/favre-vins.ch\/de\/","url":"https:\/\/favre-vins.ch\/de\/","name":"Les Fils de Charles Favre - Au\u00dfergew\u00f6hnliche Walliser Weine","isPartOf":{"@id":"https:\/\/favre-vins.ch\/de\/#website"},"primaryImageOfPage":{"@id":"https:\/\/favre-vins.ch\/de\/#primaryimage"},"image":{"@id":"https:\/\/favre-vins.ch\/de\/#primaryimage"},"thumbnailUrl":"https:\/\/favre-vins.ch\/wp-content\/uploads\/2022\/07\/DSC02860-1-scaled-1.webp","datePublished":"2022-04-01T09:43:11+00:00","dateModified":"2025-01-16T08:45:21+00:00","description":"Die 1944 in Sitten gegr\u00fcndete Weinkellerei Les Fils de Charles Favre setzt seit 80 Jahren die Walliser Weinbautradition mit ihren au\u00dfergew\u00f6hnlichen Weinen fort.","breadcrumb":{"@id":"https:\/\/favre-vins.ch\/de\/#breadcrumb"},"inLanguage":"de","potentialAction":[{"@type":"ReadAction","target":["https:\/\/favre-vins.ch\/de\/"]}]},{"@type":"ImageObject","inLanguage":"de","@id":"https:\/\/favre-vins.ch\/de\/#primaryimage","url":"https:\/\/favre-vins.ch\/wp-content\/uploads\/2022\/07\/DSC02860-1-scaled-1.webp","contentUrl":"https:\/\/favre-vins.ch\/wp-content\/uploads\/2022\/07\/DSC02860-1-scaled-1.webp","width":2560,"height":1920,"caption":"Domaines du castel d'or Les Fils de Charles Favre"},{"@type":"BreadcrumbList","@id":"https:\/\/favre-vins.ch\/de\/#breadcrumb","itemListElement":[{"@type":"ListItem","position":1,"name":"Accueil","item":"https:\/\/favre-vins.ch\/de\/"},{"@type":"ListItem","position":2,"name":"Les Fils de Charles Favre &#8211; Au\u00dfergew\u00f6hnliche Walliser Weine"}]},{"@type":"WebSite","@id":"https:\/\/favre-vins.ch\/de\/#website","url":"https:\/\/favre-vins.ch\/de\/","name":"Les Fils de Charles Favre","description":"La Petite Maison des Grands Vins","publisher":{"@id":"https:\/\/favre-vins.ch\/de\/#organization"},"potentialAction":[{"@type":"SearchAction","target":{"@type":"EntryPoint","urlTemplate":"https:\/\/favre-vins.ch\/de\/?s={search_term_string}"},"query-input":{"@type":"PropertyValueSpecification","valueRequired":true,"valueName":"search_term_string"}}],"inLanguage":"de"},{"@type":"Organization","@id":"https:\/\/favre-vins.ch\/de\/#organization","name":"Les Fils de Charles Favres","url":"https:\/\/favre-vins.ch\/de\/","logo":{"@type":"ImageObject","inLanguage":"de","@id":"https:\/\/favre-vins.ch\/de\/#\/schema\/logo\/image\/","url":"","contentUrl":"","caption":"Les Fils de Charles Favres"},"image":{"@id":"https:\/\/favre-vins.ch\/de\/#\/schema\/logo\/image\/"},"sameAs":["https:\/\/www.facebook.com\/damedesion","https:\/\/www.instagram.com\/favre.vins\/","https:\/\/www.linkedin.com\/company\/les-fils-de-charles-favre-sa\/"]}]}},"publishpress_future_workflow_manual_trigger":{"enabledWorkflows":[]},"_links":{"self":[{"href":"https:\/\/favre-vins.ch\/de\/wp-json\/wp\/v2\/pages\/4334","targetHints":{"allow":["GET"]}}],"collection":[{"href":"https:\/\/favre-vins.ch\/de\/wp-json\/wp\/v2\/pages"}],"about":[{"href":"https:\/\/favre-vins.ch\/de\/wp-json\/wp\/v2\/types\/page"}],"author":[{"embeddable":true,"href":"https:\/\/favre-vins.ch\/de\/wp-json\/wp\/v2\/users\/15"}],"replies":[{"embeddable":true,"href":"https:\/\/favre-vins.ch\/de\/wp-json\/wp\/v2\/comments?post=4334"}],"version-history":[{"count":5,"href":"https:\/\/favre-vins.ch\/de\/wp-json\/wp\/v2\/pages\/4334\/revisions"}],"predecessor-version":[{"id":15705,"href":"https:\/\/favre-vins.ch\/de\/wp-json\/wp\/v2\/pages\/4334\/revisions\/15705"}],"wp:featuredmedia":[{"embeddable":true,"href":"https:\/\/favre-vins.ch\/de\/wp-json\/wp\/v2\/media\/6140"}],"wp:attachment":[{"href":"https:\/\/favre-vins.ch\/de\/wp-json\/wp\/v2\/media?parent=4334"}],"curies":[{"name":"wp","href":"https:\/\/api.w.org\/{rel}","templated":true}]}}